{"id":7163,"date":"2021-04-15T21:51:50","date_gmt":"2021-04-15T19:51:50","guid":{"rendered":"https:\/\/www.parquenatural.com\/?page_id=7163"},"modified":"2021-10-07T19:58:16","modified_gmt":"2021-10-07T17:58:16","slug":"pueblos-de-cabo-de-gata-nijar-almeria","status":"publish","type":"page","link":"https:\/\/www.parquenatural.com\/en\/pueblos-de-cabo-de-gata-nijar-almeria\/","title":{"rendered":"Pueblos de Cabo de Gata"},"content":{"rendered":"<div data-elementor-type=\"wp-page\" data-elementor-id=\"7163\" class=\"elementor elementor-7163\" data-elementor-post-type=\"page\">\n\t\t\t\t\t\t<section class=\"elementor-section elementor-top-section elementor-element elementor-element-5b3f1b0 elementor-section-boxed elementor-section-height-default elementor-section-height-default\" data-id=\"5b3f1b0\" data-element_type=\"section\" data-e-type=\"section\">\n\t\t\t\t\t\t<div class=\"elementor-container elementor-column-gap-default\">\n\t\t\t\t\t<div class=\"elementor-column elementor-col-100 elementor-top-column elementor-element elementor-element-f489c11\" data-id=\"f489c11\" data-element_type=\"column\" data-e-type=\"column\" data-settings=\"{&quot;background_background&quot;:&quot;classic&quot;}\">\n\t\t\t<div class=\"elementor-widget-wrap elementor-element-populated\">\n\t\t\t\t\t\t<div class=\"elementor-element elementor-element-15fc297 elementor-grid-3 elementor-grid-tablet-2 elementor-grid-mobile-1 elementor-posts--thumbnail-top elementor-posts--show-avatar elementor-card-shadow-yes elementor-posts__hover-gradient elementor-widget elementor-widget-posts\" data-id=\"15fc297\" data-element_type=\"widget\" data-e-type=\"widget\" data-settings=\"{&quot;pagination_type&quot;:&quot;numbers_and_prev_next&quot;,&quot;cards_columns&quot;:&quot;3&quot;,&quot;cards_columns_tablet&quot;:&quot;2&quot;,&quot;cards_columns_mobile&quot;:&quot;1&quot;,&quot;cards_row_gap&quot;:{&quot;unit&quot;:&quot;px&quot;,&quot;size&quot;:35,&quot;sizes&quot;:[]},&quot;cards_row_gap_tablet&quot;:{&quot;unit&quot;:&quot;px&quot;,&quot;size&quot;:&quot;&quot;,&quot;sizes&quot;:[]},&quot;cards_row_gap_mobile&quot;:{&quot;unit&quot;:&quot;px&quot;,&quot;size&quot;:&quot;&quot;,&quot;sizes&quot;:[]}}\" data-widget_type=\"posts.cards\">\n\t\t\t\t<div class=\"elementor-widget-container\">\n\t\t\t\t\t\t\t<div class=\"elementor-posts-container elementor-posts elementor-posts--skin-cards elementor-grid\">\n\t\t\t\t<article class=\"elementor-post elementor-grid-item post-5974 post type-post status-publish format-standard has-post-thumbnail hentry category-pueblo-conocer\">\n\t\t\t<div class=\"elementor-post__card\">\n\t\t\t\t<a class=\"elementor-post__thumbnail__link\" href=\"https:\/\/www.parquenatural.com\/en\/rodalquilar-de-cabo-de-gata\/\" tabindex=\"-1\" ><div class=\"elementor-post__thumbnail\"><img fetchpriority=\"high\" decoding=\"async\" width=\"300\" height=\"169\" src=\"https:\/\/www.parquenatural.com\/wp-content\/uploads\/2021\/04\/rodalquilarte-en-la-calle-rodalquilar-cabo-de-gata-almeria-300x169.jpg\" class=\"attachment-medium size-medium wp-image-5987\" alt=\"\" srcset=\"https:\/\/www.parquenatural.com\/wp-content\/uploads\/2021\/04\/rodalquilarte-en-la-calle-rodalquilar-cabo-de-gata-almeria-300x169.jpg 300w, https:\/\/www.parquenatural.com\/wp-content\/uploads\/2021\/04\/rodalquilarte-en-la-calle-rodalquilar-cabo-de-gata-almeria-768x432.jpg 768w, https:\/\/www.parquenatural.com\/wp-content\/uploads\/2021\/04\/rodalquilarte-en-la-calle-rodalquilar-cabo-de-gata-almeria-16x9.jpg 16w, https:\/\/www.parquenatural.com\/wp-content\/uploads\/2021\/04\/rodalquilarte-en-la-calle-rodalquilar-cabo-de-gata-almeria-350x197.jpg 350w, https:\/\/www.parquenatural.com\/wp-content\/uploads\/2021\/04\/rodalquilarte-en-la-calle-rodalquilar-cabo-de-gata-almeria.jpg 1024w\" sizes=\"(max-width: 300px) 100vw, 300px\" \/><\/div><\/a>\n\t\t\t\t<div class=\"elementor-post__badge\">pueblo<\/div>\n\t\t\t\t<div class=\"elementor-post__avatar\">\n\t\t\t\t\t<\/div>\n\t\t\t\t<div class=\"elementor-post__text\">\n\t\t\t\t<h3 class=\"elementor-post__title\">\n\t\t\t<a href=\"https:\/\/www.parquenatural.com\/en\/rodalquilar-de-cabo-de-gata\/\" >\n\t\t\t\tRodalquilar de Cabo de Gata\t\t\t<\/a>\n\t\t<\/h3>\n\t\t\t\t<div class=\"elementor-post__excerpt\">\n\t\t\t<p>\u201cRodalquilar forma un semic\u00edrculo de tierra labrada y verdeante, con algo de apariencia de anfiteatro. La roquizas monta\u00f1as alzan sus<\/p>\n\t\t<\/div>\n\t\t\n\t\t<a class=\"elementor-post__read-more\" href=\"https:\/\/www.parquenatural.com\/en\/rodalquilar-de-cabo-de-gata\/\" aria-label=\"Read more about Rodalquilar de Cabo de Gata\" tabindex=\"-1\" >\n\t\t\t+ INFO\t\t<\/a>\n\n\t\t\t\t<\/div>\n\t\t\t\t\t<\/div>\n\t\t<\/article>\n\t\t\t\t<article class=\"elementor-post elementor-grid-item post-5914 post type-post status-publish format-standard has-post-thumbnail hentry category-pueblo-conocer\">\n\t\t\t<div class=\"elementor-post__card\">\n\t\t\t\t<a class=\"elementor-post__thumbnail__link\" href=\"https:\/\/www.parquenatural.com\/en\/san-jose-de-cabo-de-gata-almeria\/\" tabindex=\"-1\" ><div class=\"elementor-post__thumbnail\"><img decoding=\"async\" width=\"300\" height=\"171\" src=\"https:\/\/www.parquenatural.com\/wp-content\/uploads\/2021\/04\/vista-san-jose-cabo-de-gata-nijar-almeria-300x171.jpg\" class=\"attachment-medium size-medium wp-image-5921\" alt=\"\" srcset=\"https:\/\/www.parquenatural.com\/wp-content\/uploads\/2021\/04\/vista-san-jose-cabo-de-gata-nijar-almeria-300x171.jpg 300w, https:\/\/www.parquenatural.com\/wp-content\/uploads\/2021\/04\/vista-san-jose-cabo-de-gata-nijar-almeria-768x437.jpg 768w, https:\/\/www.parquenatural.com\/wp-content\/uploads\/2021\/04\/vista-san-jose-cabo-de-gata-nijar-almeria-16x9.jpg 16w, https:\/\/www.parquenatural.com\/wp-content\/uploads\/2021\/04\/vista-san-jose-cabo-de-gata-nijar-almeria-350x199.jpg 350w, https:\/\/www.parquenatural.com\/wp-content\/uploads\/2021\/04\/vista-san-jose-cabo-de-gata-nijar-almeria.jpg 1024w\" sizes=\"(max-width: 300px) 100vw, 300px\" \/><\/div><\/a>\n\t\t\t\t<div class=\"elementor-post__badge\">pueblo<\/div>\n\t\t\t\t<div class=\"elementor-post__avatar\">\n\t\t\t\t\t<\/div>\n\t\t\t\t<div class=\"elementor-post__text\">\n\t\t\t\t<h3 class=\"elementor-post__title\">\n\t\t\t<a href=\"https:\/\/www.parquenatural.com\/en\/san-jose-de-cabo-de-gata-almeria\/\" >\n\t\t\t\tSan Jos\u00e9 de Cabo de Gata\t\t\t<\/a>\n\t\t<\/h3>\n\t\t\t\t<div class=\"elementor-post__excerpt\">\n\t\t\t<p>Actividades en San Jos\u00e9 Es ideal para practicar deportes y cuenta con clubs de buceo, pirag\u00fcismo, kayak, h\u00edpica, bicicletas, gu\u00edas<\/p>\n\t\t<\/div>\n\t\t\n\t\t<a class=\"elementor-post__read-more\" href=\"https:\/\/www.parquenatural.com\/en\/san-jose-de-cabo-de-gata-almeria\/\" aria-label=\"Read more about San Jos\u00e9 de Cabo de Gata\" tabindex=\"-1\" >\n\t\t\t+ INFO\t\t<\/a>\n\n\t\t\t\t<\/div>\n\t\t\t\t\t<\/div>\n\t\t<\/article>\n\t\t\t\t<article class=\"elementor-post elementor-grid-item post-5889 post type-post status-publish format-standard has-post-thumbnail hentry category-pueblo-conocer\">\n\t\t\t<div class=\"elementor-post__card\">\n\t\t\t\t<a class=\"elementor-post__thumbnail__link\" href=\"https:\/\/www.parquenatural.com\/en\/pozo-de-los-frailes-cabo-de-gata-almeria\/\" tabindex=\"-1\" ><div class=\"elementor-post__thumbnail\"><img decoding=\"async\" width=\"300\" height=\"225\" src=\"https:\/\/www.parquenatural.com\/wp-content\/uploads\/2021\/04\/noria-de-sangre-pozo-de-los-frailes-cabo-de-gata-almeria-300x225.jpg\" class=\"attachment-medium size-medium wp-image-5897\" alt=\"\" srcset=\"https:\/\/www.parquenatural.com\/wp-content\/uploads\/2021\/04\/noria-de-sangre-pozo-de-los-frailes-cabo-de-gata-almeria-300x225.jpg 300w, https:\/\/www.parquenatural.com\/wp-content\/uploads\/2021\/04\/noria-de-sangre-pozo-de-los-frailes-cabo-de-gata-almeria-768x576.jpg 768w, https:\/\/www.parquenatural.com\/wp-content\/uploads\/2021\/04\/noria-de-sangre-pozo-de-los-frailes-cabo-de-gata-almeria-16x12.jpg 16w, https:\/\/www.parquenatural.com\/wp-content\/uploads\/2021\/04\/noria-de-sangre-pozo-de-los-frailes-cabo-de-gata-almeria-800x600.jpg 800w, https:\/\/www.parquenatural.com\/wp-content\/uploads\/2021\/04\/noria-de-sangre-pozo-de-los-frailes-cabo-de-gata-almeria-350x263.jpg 350w, https:\/\/www.parquenatural.com\/wp-content\/uploads\/2021\/04\/noria-de-sangre-pozo-de-los-frailes-cabo-de-gata-almeria.jpg 1024w\" sizes=\"(max-width: 300px) 100vw, 300px\" \/><\/div><\/a>\n\t\t\t\t<div class=\"elementor-post__badge\">pueblo<\/div>\n\t\t\t\t<div class=\"elementor-post__avatar\">\n\t\t\t\t\t<\/div>\n\t\t\t\t<div class=\"elementor-post__text\">\n\t\t\t\t<h3 class=\"elementor-post__title\">\n\t\t\t<a href=\"https:\/\/www.parquenatural.com\/en\/pozo-de-los-frailes-cabo-de-gata-almeria\/\" >\n\t\t\t\tPozo de los Frailes Cabo de Gata\t\t\t<\/a>\n\t\t<\/h3>\n\t\t\t\t<div class=\"elementor-post__excerpt\">\n\t\t\t<p>El Pozo de Los Frailes es un peque\u00f1o n\u00facleo urbano cercano a la costa e inclu\u00eddo en el Parque Natural<\/p>\n\t\t<\/div>\n\t\t\n\t\t<a class=\"elementor-post__read-more\" href=\"https:\/\/www.parquenatural.com\/en\/pozo-de-los-frailes-cabo-de-gata-almeria\/\" aria-label=\"Read more about Pozo de los Frailes Cabo de Gata\" tabindex=\"-1\" >\n\t\t\t+ INFO\t\t<\/a>\n\n\t\t\t\t<\/div>\n\t\t\t\t\t<\/div>\n\t\t<\/article>\n\t\t\t\t<article class=\"elementor-post elementor-grid-item post-5866 post type-post status-publish format-standard has-post-thumbnail hentry category-pueblo-conocer\">\n\t\t\t<div class=\"elementor-post__card\">\n\t\t\t\t<a class=\"elementor-post__thumbnail__link\" href=\"https:\/\/www.parquenatural.com\/en\/nijar-almeria\/\" tabindex=\"-1\" ><div class=\"elementor-post__thumbnail\"><img loading=\"lazy\" decoding=\"async\" width=\"300\" height=\"199\" src=\"https:\/\/www.parquenatural.com\/wp-content\/uploads\/2021\/04\/Plaza-glorietrra-nijar-cabo-de-gata-almeria-300x199.jpg\" class=\"attachment-medium size-medium wp-image-5877\" alt=\"\" srcset=\"https:\/\/www.parquenatural.com\/wp-content\/uploads\/2021\/04\/Plaza-glorietrra-nijar-cabo-de-gata-almeria-300x199.jpg 300w, https:\/\/www.parquenatural.com\/wp-content\/uploads\/2021\/04\/Plaza-glorietrra-nijar-cabo-de-gata-almeria-768x510.jpg 768w, https:\/\/www.parquenatural.com\/wp-content\/uploads\/2021\/04\/Plaza-glorietrra-nijar-cabo-de-gata-almeria-16x12.jpg 16w, https:\/\/www.parquenatural.com\/wp-content\/uploads\/2021\/04\/Plaza-glorietrra-nijar-cabo-de-gata-almeria-350x232.jpg 350w, https:\/\/www.parquenatural.com\/wp-content\/uploads\/2021\/04\/Plaza-glorietrra-nijar-cabo-de-gata-almeria.jpg 1024w\" sizes=\"(max-width: 300px) 100vw, 300px\" \/><\/div><\/a>\n\t\t\t\t<div class=\"elementor-post__badge\">pueblo<\/div>\n\t\t\t\t<div class=\"elementor-post__avatar\">\n\t\t\t\t\t<\/div>\n\t\t\t\t<div class=\"elementor-post__text\">\n\t\t\t\t<h3 class=\"elementor-post__title\">\n\t\t\t<a href=\"https:\/\/www.parquenatural.com\/en\/nijar-almeria\/\" >\n\t\t\t\tN\u00edjar\t\t\t<\/a>\n\t\t<\/h3>\n\t\t\t\t<div class=\"elementor-post__excerpt\">\n\t\t\t<p>El municipio de N\u00edjar se sit\u00faa en la parte m\u00e1s meridional de la provincia de Almer\u00eda y posee una extensi\u00f3n<\/p>\n\t\t<\/div>\n\t\t\n\t\t<a class=\"elementor-post__read-more\" href=\"https:\/\/www.parquenatural.com\/en\/nijar-almeria\/\" aria-label=\"Read more about N\u00edjar\" tabindex=\"-1\" >\n\t\t\t+ INFO\t\t<\/a>\n\n\t\t\t\t<\/div>\n\t\t\t\t\t<\/div>\n\t\t<\/article>\n\t\t\t\t<article class=\"elementor-post elementor-grid-item post-5829 post type-post status-publish format-standard has-post-thumbnail hentry category-pueblo-conocer\">\n\t\t\t<div class=\"elementor-post__card\">\n\t\t\t\t<a class=\"elementor-post__thumbnail__link\" href=\"https:\/\/www.parquenatural.com\/en\/los-escullos-de-cabo-de-gata\/\" tabindex=\"-1\" ><div class=\"elementor-post__thumbnail\"><img loading=\"lazy\" decoding=\"async\" width=\"300\" height=\"199\" src=\"https:\/\/www.parquenatural.com\/wp-content\/uploads\/2021\/04\/fortificacion-costa-castillo-san-felipe-los-escullos-cabo-de-gata-almeria-300x199.jpg\" class=\"attachment-medium size-medium wp-image-5841\" alt=\"\" srcset=\"https:\/\/www.parquenatural.com\/wp-content\/uploads\/2021\/04\/fortificacion-costa-castillo-san-felipe-los-escullos-cabo-de-gata-almeria-300x199.jpg 300w, https:\/\/www.parquenatural.com\/wp-content\/uploads\/2021\/04\/fortificacion-costa-castillo-san-felipe-los-escullos-cabo-de-gata-almeria-768x509.jpg 768w, https:\/\/www.parquenatural.com\/wp-content\/uploads\/2021\/04\/fortificacion-costa-castillo-san-felipe-los-escullos-cabo-de-gata-almeria-16x12.jpg 16w, https:\/\/www.parquenatural.com\/wp-content\/uploads\/2021\/04\/fortificacion-costa-castillo-san-felipe-los-escullos-cabo-de-gata-almeria-350x232.jpg 350w, https:\/\/www.parquenatural.com\/wp-content\/uploads\/2021\/04\/fortificacion-costa-castillo-san-felipe-los-escullos-cabo-de-gata-almeria.jpg 1024w\" sizes=\"(max-width: 300px) 100vw, 300px\" \/><\/div><\/a>\n\t\t\t\t<div class=\"elementor-post__badge\">pueblo<\/div>\n\t\t\t\t<div class=\"elementor-post__avatar\">\n\t\t\t\t\t<\/div>\n\t\t\t\t<div class=\"elementor-post__text\">\n\t\t\t\t<h3 class=\"elementor-post__title\">\n\t\t\t<a href=\"https:\/\/www.parquenatural.com\/en\/los-escullos-de-cabo-de-gata\/\" >\n\t\t\t\tLos Escullos de Cabo de Gata\t\t\t<\/a>\n\t\t<\/h3>\n\t\t\t\t<div class=\"elementor-post__excerpt\">\n\t\t\t<p>Si en la actualidad m\u00e1s reciente buscamos referencias de Los Escullos, las encontraremos en La Carta Esf\u00e9rica, de P\u00e9rez Reverte<\/p>\n\t\t<\/div>\n\t\t\n\t\t<a class=\"elementor-post__read-more\" href=\"https:\/\/www.parquenatural.com\/en\/los-escullos-de-cabo-de-gata\/\" aria-label=\"Read more about Los Escullos de Cabo de Gata\" tabindex=\"-1\" >\n\t\t\t+ INFO\t\t<\/a>\n\n\t\t\t\t<\/div>\n\t\t\t\t\t<\/div>\n\t\t<\/article>\n\t\t\t\t<article class=\"elementor-post elementor-grid-item post-5778 post type-post status-publish format-standard has-post-thumbnail hentry category-pueblo-conocer\">\n\t\t\t<div class=\"elementor-post__card\">\n\t\t\t\t<a class=\"elementor-post__thumbnail__link\" href=\"https:\/\/www.parquenatural.com\/en\/los-albaricoques-de-cabo-de-gata\/\" tabindex=\"-1\" ><div class=\"elementor-post__thumbnail\"><img loading=\"lazy\" decoding=\"async\" width=\"300\" height=\"225\" src=\"https:\/\/www.parquenatural.com\/wp-content\/uploads\/2021\/03\/la-muerte-tenia-un-precio-los-albaricoques-nijar-cabo-de-gata-almeria-300x225.jpg\" class=\"attachment-medium size-medium wp-image-5810\" alt=\"\" srcset=\"https:\/\/www.parquenatural.com\/wp-content\/uploads\/2021\/03\/la-muerte-tenia-un-precio-los-albaricoques-nijar-cabo-de-gata-almeria-300x225.jpg 300w, https:\/\/www.parquenatural.com\/wp-content\/uploads\/2021\/03\/la-muerte-tenia-un-precio-los-albaricoques-nijar-cabo-de-gata-almeria-768x576.jpg 768w, https:\/\/www.parquenatural.com\/wp-content\/uploads\/2021\/03\/la-muerte-tenia-un-precio-los-albaricoques-nijar-cabo-de-gata-almeria-16x12.jpg 16w, https:\/\/www.parquenatural.com\/wp-content\/uploads\/2021\/03\/la-muerte-tenia-un-precio-los-albaricoques-nijar-cabo-de-gata-almeria-800x600.jpg 800w, https:\/\/www.parquenatural.com\/wp-content\/uploads\/2021\/03\/la-muerte-tenia-un-precio-los-albaricoques-nijar-cabo-de-gata-almeria-350x263.jpg 350w, https:\/\/www.parquenatural.com\/wp-content\/uploads\/2021\/03\/la-muerte-tenia-un-precio-los-albaricoques-nijar-cabo-de-gata-almeria.jpg 1024w\" sizes=\"(max-width: 300px) 100vw, 300px\" \/><\/div><\/a>\n\t\t\t\t<div class=\"elementor-post__badge\">pueblo<\/div>\n\t\t\t\t<div class=\"elementor-post__avatar\">\n\t\t\t\t\t<\/div>\n\t\t\t\t<div class=\"elementor-post__text\">\n\t\t\t\t<h3 class=\"elementor-post__title\">\n\t\t\t<a href=\"https:\/\/www.parquenatural.com\/en\/los-albaricoques-de-cabo-de-gata\/\" >\n\t\t\t\tLos Albaricoques de Cabo de Gata\t\t\t<\/a>\n\t\t<\/h3>\n\t\t\t\t<div class=\"elementor-post__excerpt\">\n\t\t\t<p>El nombre de la barriada procede de uno de los primeros pobladores, apodado &#8220;el albaricoque&#8221;. A lo largo de la<\/p>\n\t\t<\/div>\n\t\t\n\t\t<a class=\"elementor-post__read-more\" href=\"https:\/\/www.parquenatural.com\/en\/los-albaricoques-de-cabo-de-gata\/\" aria-label=\"Read more about Los Albaricoques de Cabo de Gata\" tabindex=\"-1\" >\n\t\t\t+ INFO\t\t<\/a>\n\n\t\t\t\t<\/div>\n\t\t\t\t\t<\/div>\n\t\t<\/article>\n\t\t\t\t<\/div>\n\t\t\n\t\t\t\t<div class=\"e-load-more-anchor\" data-page=\"1\" data-max-page=\"3\" data-next-page=\"https:\/\/www.parquenatural.com\/en\/wp-json\/wp\/v2\/pages\/7163\/page\/2\/\"><\/div>\n\t\t\t\t<nav class=\"elementor-pagination\" aria-label=\"Pagination\">\n\t\t\t<span class=\"page-numbers prev\">&laquo; Anterior<\/span>\n<span aria-current=\"page\" class=\"page-numbers current\"><span class=\"elementor-screen-only\">Page<\/span>1<\/span>\n<a class=\"page-numbers\" href=\"https:\/\/www.parquenatural.com\/en\/wp-json\/wp\/v2\/pages\/7163\/page\/2\/\"><span class=\"elementor-screen-only\">Page<\/span>2<\/a>\n<a class=\"page-numbers\" href=\"https:\/\/www.parquenatural.com\/en\/wp-json\/wp\/v2\/pages\/7163\/page\/3\/\"><span class=\"elementor-screen-only\">Page<\/span>3<\/a>\n<a class=\"page-numbers next\" href=\"https:\/\/www.parquenatural.com\/en\/wp-json\/wp\/v2\/pages\/7163\/page\/2\/\">Siguiente &raquo;<\/a>\t\t<\/nav>\n\t\t\t\t\t\t<\/div>\n\t\t\t\t<\/div>\n\t\t\t\t\t<\/div>\n\t\t<\/div>\n\t\t\t\t\t<\/div>\n\t\t<\/section>\n\t\t\t\t<\/div>","protected":false},"excerpt":{"rendered":"","protected":false},"author":3,"featured_media":0,"parent":0,"menu_order":0,"comment_status":"closed","ping_status":"closed","template":"elementor_header_footer","meta":{"footnotes":""},"categories":[],"tags":[],"class_list":["post-7163","page","type-page","status-publish","hentry"],"_links":{"self":[{"href":"https:\/\/www.parquenatural.com\/en\/wp-json\/wp\/v2\/pages\/7163"}],"collection":[{"href":"https:\/\/www.parquenatural.com\/en\/wp-json\/wp\/v2\/pages"}],"about":[{"href":"https:\/\/www.parquenatural.com\/en\/wp-json\/wp\/v2\/types\/page"}],"author":[{"embeddable":true,"href":"https:\/\/www.parquenatural.com\/en\/wp-json\/wp\/v2\/users\/3"}],"replies":[{"embeddable":true,"href":"https:\/\/www.parquenatural.com\/en\/wp-json\/wp\/v2\/comments?post=7163"}],"version-history":[{"count":0,"href":"https:\/\/www.parquenatural.com\/en\/wp-json\/wp\/v2\/pages\/7163\/revisions"}],"wp:attachment":[{"href":"https:\/\/www.parquenatural.com\/en\/wp-json\/wp\/v2\/media?parent=7163"}],"wp:term":[{"taxonomy":"category","embeddable":true,"href":"https:\/\/www.parquenatural.com\/en\/wp-json\/wp\/v2\/categories?post=7163"},{"taxonomy":"post_tag","embeddable":true,"href":"https:\/\/www.parquenatural.com\/en\/wp-json\/wp\/v2\/tags?post=7163"}],"curies":[{"name":"wp","href":"https:\/\/api.w.org\/{rel}","templated":true}]}}